{"id":51,"date":"2021-04-21T10:02:52","date_gmt":"2021-04-21T08:02:52","guid":{"rendered":"https:\/\/xn--fasciathrapie-ihb.com\/?page_id=51"},"modified":"2023-09-23T13:24:39","modified_gmt":"2023-09-23T11:24:39","slug":"a-propos-de-soin","status":"publish","type":"page","link":"https:\/\/xn--fasciathrapie-ihb.com\/index.php\/a-propos-de-soin\/","title":{"rendered":"A propos de"},"content":{"rendered":"<h4 align=\"CENTER\">Le Soin au c\u0153ur de mon travail<\/h4>\n<p align=\"CENTER\">Je souhaite vous offrir un Espace pour Prendre Soin du corps dans son Int\u00e9gralit\u00e9.<img fetchpriority=\"high\" decoding=\"async\" class=\"alignright wp-image-926 size-medium\" src=\"https:\/\/xn--fasciathrapie-ihb.com\/wp-content\/uploads\/2021\/09\/Sans-titre1-200x300.png\" alt=\"Soin\" width=\"200\" height=\"300\" srcset=\"https:\/\/xn--fasciathrapie-ihb.com\/wp-content\/uploads\/2021\/09\/Sans-titre1-200x300.png 200w, https:\/\/xn--fasciathrapie-ihb.com\/wp-content\/uploads\/2021\/09\/Sans-titre1-683x1024.png 683w, https:\/\/xn--fasciathrapie-ihb.com\/wp-content\/uploads\/2021\/09\/Sans-titre1-768x1152.png 768w, https:\/\/xn--fasciathrapie-ihb.com\/wp-content\/uploads\/2021\/09\/Sans-titre1-1024x1536.png 1024w, https:\/\/xn--fasciathrapie-ihb.com\/wp-content\/uploads\/2021\/09\/Sans-titre1-1365x2048.png 1365w, https:\/\/xn--fasciathrapie-ihb.com\/wp-content\/uploads\/2021\/09\/Sans-titre1-1140x1710.png 1140w\" sizes=\"(max-width: 200px) 100vw, 200px\" \/><br \/>\nSoulager les douleurs et lib\u00e9rer les tensions, favoriser une d\u00e9tente profonde.<\/p>\n<p align=\"CENTER\">Depuis 15 ans j&#8217;explore le corps \u00e0 travers le mouvement, la danse, la m\u00e9ditation, le massage, cherchant toujours plus de fluidit\u00e9, d&#8217;harmonie, de vitalit\u00e9.<\/p>\n<p align=\"CENTER\">Le corps, comme h\u00f4te de la conscience anime ma curiosit\u00e9 et me pousse a \u00e9tudier toutes les techniques qui m&#8217;inspirent. Je me sp\u00e9cialise de plus en plus dans les recherches et d\u00e9couvertes sur les fascias, leur lien avec nos perceptions, \u00e9motions et notre <em>felt sense.<br \/>\n<\/em> Apprivoisant le tissu conjonctif comme une porte vers nous-m\u00eame. Une porte sur notre monde int\u00e9rieur\/ext\u00e9rieur tel que nous le percevons, tel que nous le ressentons, tel que nous le vivons.<\/p>\n<p align=\"CENTER\">\u00a0\u00a0\u00a0\u00a0\u00a0\u00a0\u00a0\u00a0\u00a0\u00a0\u00a0\u00a0\u00a0\u00a0\u00a0\u00a0\u00a0\u00a0\u00a0\u00a0\u00a0\u00a0\u00a0\u00a0\u00a0\u00a0\u00a0\u00a0\u00a0\u00a0\u00a0\u00a0\u00a0\u00a0\u00a0\u00a0\u00a0\u00a0\u00a0\u00a0\u00a0\u00a0\u00a0\u00a0\u00a0\u00a0\u00a0\u00a0 Je souhaite partager avec vous les meilleurs soins que j&#8217;ai re\u00e7us, appris et utilis\u00e9s, afin d&#8217;aider votre corps \u00e0 se r\u00e9approprier l&#8217;espace, la force et l&#8217;\u00e9nergie dont<br \/>\nvous avez besoin pour vivre pleinement et en bonne sant\u00e9.<\/p>\n<p align=\"CENTER\">\u200bJe suis form\u00e9e<\/p>\n<ul>\n<li>\u00e0 la Fasciath\u00e9rapie (m\u00e9thode M.E.R. avec <em><a href=\"https:\/\/www.myofascialtrainings.com\/about\/satyarthi-peloquin\">Satyarty Peloquin<\/a><\/em>)<\/li>\n<li>\u00e0 la M\u00e9decine Traditionnelle Chinoise (cursus complet <em><a href=\"https:\/\/www.iftem.fr\/\">IFTEM<\/a><\/em>)<\/li>\n<li>R\u00e9fl\u00e8xologie, massage Chinois, Acupuncture, Pharmacop\u00e9e<\/li>\n<li>\u00e0 l&#8217;Ito-Thermie (niveau professionnel avec Maitre Krologi San)<\/li>\n<li>au massage Rebalancing (avec Rasal Antar)<\/li>\n<\/ul>\n<p>D\u00e9couvrez les soins que je propose <em><a href=\"https:\/\/fasciath\u00e9rapie.com\/index.php\/massages\/\">ici<\/a><\/em><\/p>\n","protected":false},"excerpt":{"rendered":"<p>Le Soin au c\u0153ur de mon travail Je souhaite vous offrir un Espace pour Prendre Soin du corps dans son Int\u00e9gralit\u00e9. Soulager les douleurs et lib\u00e9rer les tensions, favoriser une d\u00e9tente profonde. Depuis 15 ans j&#8217;explore le corps \u00e0 travers le mouvement, la danse, la m\u00e9ditation, le massage, cherchant toujours plus de fluidit\u00e9, d&#8217;harmonie, de vitalit\u00e9. Le corps, comme h\u00f4te de la conscience anime ma curiosit\u00e9 et me pousse a \u00e9tudier toutes les techniques qui m&#8217;inspirent. Je me sp\u00e9cialise de plus en plus dans les recherches et d\u00e9couvertes sur les fascias, leur lien avec nos perceptions, \u00e9motions et notre felt sense. Apprivoisant le tissu conjonctif comme une porte vers nous-m\u00eame. Une porte sur notre monde int\u00e9rieur\/ext\u00e9rieur tel que nous le percevons, tel que nous le ressentons, tel que nous le vivons. \u00a0\u00a0\u00a0\u00a0\u00a0\u00a0\u00a0\u00a0\u00a0\u00a0\u00a0\u00a0\u00a0\u00a0\u00a0\u00a0\u00a0\u00a0\u00a0\u00a0\u00a0\u00a0\u00a0\u00a0\u00a0\u00a0\u00a0\u00a0\u00a0\u00a0\u00a0\u00a0\u00a0\u00a0\u00a0\u00a0\u00a0\u00a0\u00a0\u00a0\u00a0\u00a0\u00a0\u00a0\u00a0\u00a0\u00a0\u00a0 Je souhaite partager avec vous les meilleurs soins que j&#8217;ai re\u00e7us, appris et utilis\u00e9s, afin d&#8217;aider votre corps \u00e0 se r\u00e9approprier l&#8217;espace, la force et l&#8217;\u00e9nergie dont vous avez besoin pour vivre pleinement et en bonne sant\u00e9. \u200bJe suis form\u00e9e \u00e0 la Fasciath\u00e9rapie (m\u00e9thode M.E.R. avec Satyarty Peloquin) \u00e0 la M\u00e9decine Traditionnelle Chinoise (cursus complet IFTEM) R\u00e9fl\u00e8xologie, massage Chinois, Acupuncture, Pharmacop\u00e9e \u00e0 l&#8217;Ito-Thermie (niveau professionnel avec Maitre Krologi San) au massage Rebalancing (avec Rasal Antar) D\u00e9couvrez les soins que je propose ici<\/p>\n","protected":false},"author":1,"featured_media":0,"parent":0,"menu_order":0,"comment_status":"closed","ping_status":"closed","template":"","meta":{"footnotes":""},"yoast_head":"<!-- This site is optimized with the Yoast SEO plugin v23.5 - https:\/\/yoast.com\/wordpress\/plugins\/seo\/ -->\n<title>A propos de - Lib\u00e9ration des fascias<\/title>\n<meta name=\"description\" content=\"Soulager les douleurs, lib\u00e9rer les tensions, retrouver de la vitalit\u00e9 et de la souplesse. Le meilleur des soin\" \/>\n<meta name=\"robots\" content=\"index, follow, max-snippet:-1, max-image-preview:large, max-video-preview:-1\" \/>\n<link rel=\"canonical\" href=\"https:\/\/xn--fasciathrapie-ihb.com\/index.php\/a-propos-de-soin\/\" \/>\n<meta property=\"og:locale\" content=\"en_US\" \/>\n<meta property=\"og:type\" content=\"article\" \/>\n<meta property=\"og:title\" content=\"A propos de - Lib\u00e9ration des fascias\" \/>\n<meta property=\"og:description\" content=\"Soulager les douleurs, lib\u00e9rer les tensions, retrouver de la vitalit\u00e9 et de la souplesse. Le meilleur des soin\" \/>\n<meta property=\"og:url\" content=\"https:\/\/xn--fasciathrapie-ihb.com\/index.php\/a-propos-de-soin\/\" \/>\n<meta property=\"og:site_name\" content=\"Lib\u00e9ration des fascias\" \/>\n<meta property=\"article:modified_time\" content=\"2023-09-23T11:24:39+00:00\" \/>\n<meta property=\"og:image\" content=\"https:\/\/xn--fasciathrapie-ihb.com\/wp-content\/uploads\/2021\/09\/Sans-titre1-200x300.png\" \/>\n<meta name=\"twitter:card\" content=\"summary_large_image\" \/>\n<meta name=\"twitter:label1\" content=\"Est. reading time\" \/>\n\t<meta name=\"twitter:data1\" content=\"2 minutes\" \/>\n<script type=\"application\/ld+json\" class=\"yoast-schema-graph\">{\"@context\":\"https:\/\/schema.org\",\"@graph\":[{\"@type\":\"WebPage\",\"@id\":\"https:\/\/xn--fasciathrapie-ihb.com\/index.php\/a-propos-de-soin\/\",\"url\":\"https:\/\/xn--fasciathrapie-ihb.com\/index.php\/a-propos-de-soin\/\",\"name\":\"A propos de - Lib\u00e9ration des fascias\",\"isPartOf\":{\"@id\":\"https:\/\/xn--fasciathrapie-ihb.com\/#website\"},\"primaryImageOfPage\":{\"@id\":\"https:\/\/xn--fasciathrapie-ihb.com\/index.php\/a-propos-de-soin\/#primaryimage\"},\"image\":{\"@id\":\"https:\/\/xn--fasciathrapie-ihb.com\/index.php\/a-propos-de-soin\/#primaryimage\"},\"thumbnailUrl\":\"https:\/\/xn--fasciathrapie-ihb.com\/wp-content\/uploads\/2021\/09\/Sans-titre1-200x300.png\",\"datePublished\":\"2021-04-21T08:02:52+00:00\",\"dateModified\":\"2023-09-23T11:24:39+00:00\",\"description\":\"Soulager les douleurs, lib\u00e9rer les tensions, retrouver de la vitalit\u00e9 et de la souplesse. Le meilleur des soin\",\"breadcrumb\":{\"@id\":\"https:\/\/xn--fasciathrapie-ihb.com\/index.php\/a-propos-de-soin\/#breadcrumb\"},\"inLanguage\":\"en-US\",\"potentialAction\":[{\"@type\":\"ReadAction\",\"target\":[\"https:\/\/xn--fasciathrapie-ihb.com\/index.php\/a-propos-de-soin\/\"]}]},{\"@type\":\"ImageObject\",\"inLanguage\":\"en-US\",\"@id\":\"https:\/\/xn--fasciathrapie-ihb.com\/index.php\/a-propos-de-soin\/#primaryimage\",\"url\":\"https:\/\/xn--fasciathrapie-ihb.com\/wp-content\/uploads\/2021\/09\/Sans-titre1.png\",\"contentUrl\":\"https:\/\/xn--fasciathrapie-ihb.com\/wp-content\/uploads\/2021\/09\/Sans-titre1.png\",\"width\":2362,\"height\":3543},{\"@type\":\"BreadcrumbList\",\"@id\":\"https:\/\/xn--fasciathrapie-ihb.com\/index.php\/a-propos-de-soin\/#breadcrumb\",\"itemListElement\":[{\"@type\":\"ListItem\",\"position\":1,\"name\":\"Accueil\",\"item\":\"https:\/\/xn--fasciathrapie-ihb.com\/\"},{\"@type\":\"ListItem\",\"position\":2,\"name\":\"A propos de\"}]},{\"@type\":\"WebSite\",\"@id\":\"https:\/\/xn--fasciathrapie-ihb.com\/#website\",\"url\":\"https:\/\/xn--fasciathrapie-ihb.com\/\",\"name\":\"Lib\u00e9ration des fascias\",\"description\":\"Selon la m\u00e9thode M.E.R. de Satyarthi Peloquin\",\"potentialAction\":[{\"@type\":\"SearchAction\",\"target\":{\"@type\":\"EntryPoint\",\"urlTemplate\":\"https:\/\/xn--fasciathrapie-ihb.com\/?s={search_term_string}\"},\"query-input\":{\"@type\":\"PropertyValueSpecification\",\"valueRequired\":true,\"valueName\":\"search_term_string\"}}],\"inLanguage\":\"en-US\"}]}<\/script>\n<!-- \/ Yoast SEO plugin. -->","yoast_head_json":{"title":"A propos de - Lib\u00e9ration des fascias","description":"Soulager les douleurs, lib\u00e9rer les tensions, retrouver de la vitalit\u00e9 et de la souplesse. Le meilleur des soin","robots":{"index":"index","follow":"follow","max-snippet":"max-snippet:-1","max-image-preview":"max-image-preview:large","max-video-preview":"max-video-preview:-1"},"canonical":"https:\/\/xn--fasciathrapie-ihb.com\/index.php\/a-propos-de-soin\/","og_locale":"en_US","og_type":"article","og_title":"A propos de - Lib\u00e9ration des fascias","og_description":"Soulager les douleurs, lib\u00e9rer les tensions, retrouver de la vitalit\u00e9 et de la souplesse. Le meilleur des soin","og_url":"https:\/\/xn--fasciathrapie-ihb.com\/index.php\/a-propos-de-soin\/","og_site_name":"Lib\u00e9ration des fascias","article_modified_time":"2023-09-23T11:24:39+00:00","og_image":[{"url":"https:\/\/xn--fasciathrapie-ihb.com\/wp-content\/uploads\/2021\/09\/Sans-titre1-200x300.png"}],"twitter_card":"summary_large_image","twitter_misc":{"Est. reading time":"2 minutes"},"schema":{"@context":"https:\/\/schema.org","@graph":[{"@type":"WebPage","@id":"https:\/\/xn--fasciathrapie-ihb.com\/index.php\/a-propos-de-soin\/","url":"https:\/\/xn--fasciathrapie-ihb.com\/index.php\/a-propos-de-soin\/","name":"A propos de - Lib\u00e9ration des fascias","isPartOf":{"@id":"https:\/\/xn--fasciathrapie-ihb.com\/#website"},"primaryImageOfPage":{"@id":"https:\/\/xn--fasciathrapie-ihb.com\/index.php\/a-propos-de-soin\/#primaryimage"},"image":{"@id":"https:\/\/xn--fasciathrapie-ihb.com\/index.php\/a-propos-de-soin\/#primaryimage"},"thumbnailUrl":"https:\/\/xn--fasciathrapie-ihb.com\/wp-content\/uploads\/2021\/09\/Sans-titre1-200x300.png","datePublished":"2021-04-21T08:02:52+00:00","dateModified":"2023-09-23T11:24:39+00:00","description":"Soulager les douleurs, lib\u00e9rer les tensions, retrouver de la vitalit\u00e9 et de la souplesse. Le meilleur des soin","breadcrumb":{"@id":"https:\/\/xn--fasciathrapie-ihb.com\/index.php\/a-propos-de-soin\/#breadcrumb"},"inLanguage":"en-US","potentialAction":[{"@type":"ReadAction","target":["https:\/\/xn--fasciathrapie-ihb.com\/index.php\/a-propos-de-soin\/"]}]},{"@type":"ImageObject","inLanguage":"en-US","@id":"https:\/\/xn--fasciathrapie-ihb.com\/index.php\/a-propos-de-soin\/#primaryimage","url":"https:\/\/xn--fasciathrapie-ihb.com\/wp-content\/uploads\/2021\/09\/Sans-titre1.png","contentUrl":"https:\/\/xn--fasciathrapie-ihb.com\/wp-content\/uploads\/2021\/09\/Sans-titre1.png","width":2362,"height":3543},{"@type":"BreadcrumbList","@id":"https:\/\/xn--fasciathrapie-ihb.com\/index.php\/a-propos-de-soin\/#breadcrumb","itemListElement":[{"@type":"ListItem","position":1,"name":"Accueil","item":"https:\/\/xn--fasciathrapie-ihb.com\/"},{"@type":"ListItem","position":2,"name":"A propos de"}]},{"@type":"WebSite","@id":"https:\/\/xn--fasciathrapie-ihb.com\/#website","url":"https:\/\/xn--fasciathrapie-ihb.com\/","name":"Lib\u00e9ration des fascias","description":"Selon la m\u00e9thode M.E.R. de Satyarthi Peloquin","potentialAction":[{"@type":"SearchAction","target":{"@type":"EntryPoint","urlTemplate":"https:\/\/xn--fasciathrapie-ihb.com\/?s={search_term_string}"},"query-input":{"@type":"PropertyValueSpecification","valueRequired":true,"valueName":"search_term_string"}}],"inLanguage":"en-US"}]}},"_links":{"self":[{"href":"https:\/\/xn--fasciathrapie-ihb.com\/index.php\/wp-json\/wp\/v2\/pages\/51"}],"collection":[{"href":"https:\/\/xn--fasciathrapie-ihb.com\/index.php\/wp-json\/wp\/v2\/pages"}],"about":[{"href":"https:\/\/xn--fasciathrapie-ihb.com\/index.php\/wp-json\/wp\/v2\/types\/page"}],"author":[{"embeddable":true,"href":"https:\/\/xn--fasciathrapie-ihb.com\/index.php\/wp-json\/wp\/v2\/users\/1"}],"replies":[{"embeddable":true,"href":"https:\/\/xn--fasciathrapie-ihb.com\/index.php\/wp-json\/wp\/v2\/comments?post=51"}],"version-history":[{"count":32,"href":"https:\/\/xn--fasciathrapie-ihb.com\/index.php\/wp-json\/wp\/v2\/pages\/51\/revisions"}],"predecessor-version":[{"id":1089,"href":"https:\/\/xn--fasciathrapie-ihb.com\/index.php\/wp-json\/wp\/v2\/pages\/51\/revisions\/1089"}],"wp:attachment":[{"href":"https:\/\/xn--fasciathrapie-ihb.com\/index.php\/wp-json\/wp\/v2\/media?parent=51"}],"curies":[{"name":"wp","href":"https:\/\/api.w.org\/{rel}","templated":true}]}}